{"id":16309,"date":"2026-01-19T20:19:08","date_gmt":"2026-01-19T19:19:08","guid":{"rendered":"https:\/\/to-moje.com\/?post_type=product&#038;p=16309"},"modified":"2026-02-04T18:22:07","modified_gmt":"2026-02-04T17:22:07","slug":"torebka-slodziara-zielone-gaski-2","status":"publish","type":"product","link":"https:\/\/to-moje.com\/index.php\/produkt\/torebka-slodziara-zielone-gaski-2\/","title":{"rendered":"Torebka S\u0142odziara zielone g\u0105ski"},"content":{"rendered":"","protected":false},"excerpt":{"rendered":"<p>Torebka S\u0142odziara wykonaka zosta\u0142a z pikowanej tkaniny w kolorze khaki, drukowanej w g\u0105ski.<br \/>\nNiew\u0105tpliwym atutem tej torebki s\u0105 sporych rozmiar\u00f3w falbanki w drobn\u0105 \u017c\u00f3\u0142t\u0105 kratk\u0119.<br \/>\nJest ona p\u00f3\u0142okr\u0105g\u0142a w formie, ale na tyle sporych rozmiar\u00f3w, \u017ce bez problemu pomie\u015bcisz w niej najpotrzebniejsze rzeczy!<br \/>\nW \u015brodku dodatkowo znajduj\u0105 si\u0119 dwie kieszonki, do kt\u00f3rych mo\u017cesz schowa\u0107 np. telefon czy klucze.<br \/>\nMa\u0142ym akcentem i przy okazji uk\u0142onem w stron\u0119 tomojowych fashion girls jest szlufka, kt\u00f3ra wszyta zosta\u0142a przy zamku z my\u015bl\u0105 o przypinaniu do niej ulubionych bryloczk\u00f3w, dzi\u0119ki kt\u00f3rym nadasz torebce indywidualny styl.<br \/>\nZamek i pasek zosta\u0142y przeze mnie dopasowane kolorystycznie, dodatkowo pasek jest regulowany, dzi\u0119ki czemu to od Ciebie zale\u017cy w jaki spos\u00f3b b\u0119dziesz j\u0105 nosi\u0107.<\/p>\n<p>S\u0142odziara powsta\u0142a z ko\u0144c\u00f3wki materia\u0142\u00f3w, kt\u00f3re zosta\u0142y mi po szyciu kurtek i kamizelek-czyli to taki projekt totalnie zero waste! Ka\u017cdy model powstaje w niewielu ilo\u015bciach, co dodatkowo czyni j\u0105 wyj\u0105tkow\u0105.<\/p>\n<p>Materia\u0142 zewn\u0119trzny- pik\u00f3wka 70% bawe\u0142na, 30% poliester-wype\u0142nienie.<br \/>\nMateria\u0142 wewn\u0119trzny i falbany: 100% bawe\u0142na.<\/p>\n<p>Wymiary (podawane s\u0105 najwy\u017csze warto\u015bci, bo torebka ma zaokr\u0105lony kszta\u0142t):<br \/>\nszeroko\u015b\u0107 37cm<br \/>\nwysoko\u015b\u0107 23cm<br \/>\ng\u0142\u0119boko\u015b\u0107 11cm<\/p>\n<p>*breloczek nie jest sprzedawany z torebk\u0105, zosta\u0142 u\u017cyty do zdj\u0119\u0107 jedynie w formie pogl\u0105dowej.<\/p>\n<p>Producent:<br \/>\nAgnieszka Rogozi\u0144ska To Moje<\/p>\n","protected":false},"featured_media":16299,"comment_status":"closed","ping_status":"closed","template":"","meta":[],"product_brand":[],"product_cat":[207,300],"product_tag":[357,305,815,301,816,814],"class_list":{"0":"post-16309","1":"product","2":"type-product","3":"status-publish","4":"has-post-thumbnail","6":"product_cat-nerki-worki-torebki","7":"product_cat-torebki","8":"product_tag-kolorowa-torebka","9":"product_tag-okragla-torebka","10":"product_tag-pikowana-torebka","11":"product_tag-torebka-na-ramie","12":"product_tag-torebka-w-gaski","13":"product_tag-torebka-z-falbankami","15":"first","16":"outofstock","17":"shipping-taxable","18":"purchasable","19":"product-type-simple"},"_links":{"self":[{"href":"https:\/\/to-moje.com\/index.php\/wp-json\/wp\/v2\/product\/16309","targetHints":{"allow":["GET"]}}],"collection":[{"href":"https:\/\/to-moje.com\/index.php\/wp-json\/wp\/v2\/product"}],"about":[{"href":"https:\/\/to-moje.com\/index.php\/wp-json\/wp\/v2\/types\/product"}],"replies":[{"embeddable":true,"href":"https:\/\/to-moje.com\/index.php\/wp-json\/wp\/v2\/comments?post=16309"}],"wp:featuredmedia":[{"embeddable":true,"href":"https:\/\/to-moje.com\/index.php\/wp-json\/wp\/v2\/media\/16299"}],"wp:attachment":[{"href":"https:\/\/to-moje.com\/index.php\/wp-json\/wp\/v2\/media?parent=16309"}],"wp:term":[{"taxonomy":"product_brand","embeddable":true,"href":"https:\/\/to-moje.com\/index.php\/wp-json\/wp\/v2\/product_brand?post=16309"},{"taxonomy":"product_cat","embeddable":true,"href":"https:\/\/to-moje.com\/index.php\/wp-json\/wp\/v2\/product_cat?post=16309"},{"taxonomy":"product_tag","embeddable":true,"href":"https:\/\/to-moje.com\/index.php\/wp-json\/wp\/v2\/product_tag?post=16309"}],"curies":[{"name":"wp","href":"https:\/\/api.w.org\/{rel}","templated":true}]}}