{"id":15975,"date":"2025-10-10T18:00:30","date_gmt":"2025-10-10T16:00:30","guid":{"rendered":"https:\/\/to-moje.com\/?post_type=product&#038;p=15975"},"modified":"2026-02-12T21:54:31","modified_gmt":"2026-02-12T20:54:31","slug":"koszula-pogoda-w-kratke-roz","status":"publish","type":"product","link":"https:\/\/to-moje.com\/index.php\/produkt\/koszula-pogoda-w-kratke-roz\/","title":{"rendered":"Koszula Pogoda w kratk\u0119 r\u00f3\u017c"},"content":{"rendered":"","protected":false},"excerpt":{"rendered":"<p>Koszula Pogoda w kratk\u0119 wykonana zosta\u0142a z bawe\u0142nianej tkaniny w r\u00f3\u017cowo-morelow\u0105 krat\u0119.<br \/>\nKr\u00f3j tej koszuli bazuje na jednym z pierwszych modeli jakie pojawi\u0142y si\u0119 w kolorowej erze To Moje-klasyczku.<\/p>\n<p>Ale tym razem ko\u0142nierz zyska\u0142 wi\u0119cej ob\u0142o\u015bci zar\u00f3wno na przodzie jak i tyle, a co za tym idzie zosta\u0142 on obszyty w ca\u0142o\u015bci falbank\u0105.<br \/>\nR\u0119kawy zako\u0144czy\u0142am ostatnio moim ulubionym motywem czyli gumeczk\u0105 i szerok\u0105 falban\u0105. Dzi\u0119ki temu mo\u017cemy bez problemu regulowa\u0107 sobie d\u0142ugo\u015b\u0107 rekaw\u00f3w, przy okazji zachowuj\u0105c uroczy klimat koszuli.<br \/>\nWykonana w 100% z bawe\u0142ny.<\/p>\n<p>To co zosta\u0142o to rozmiar ko\u0142nierza i nadal ob\u0142\u0119dne, bufiaste r\u0119kawy.<br \/>\nPo\u0142\u0105czenie tych dw\u00f3ch kolor\u00f3w jest niezwykle urocze i \u015bwietnie nada si\u0119 na roz\u015bwietlenie jesienno-zimowej aury.<\/p>\n<p>Wymiary:<br \/>\nSzeroko\u015b\u0107 od pachy do pachy na p\u0142asko:<br \/>\nS- 94cm<br \/>\nM- 100cm<br \/>\nL- 106cm<\/p>\n<p>Je\u015bli nie wiesz jaki rozmiar wybra\u0107, potrzebujesz innych wymiar\u00f3w lub masz jakie\u015b pytania pisz \u015bmia\u0142o na shop.tomoje@gmail.com lub na intagramie to_moje, pomog\u0119 rozwia\u0107 w\u0105tpliwo\u015bci \ud83d\ude42<\/p>\n<p>WA\u017bNE! Ka\u017cde zam\u00f3wienie szyj\u0119 na bie\u017c\u0105co, co oznacza, \u017ce czas jego realizacji jest nieco wyd\u0142u\u017cony i przewa\u017cnie to ok 10 dni roboczych.<\/p>\n<p>Mam 174cm wzrostu i nosz\u0119 rozmiar L.<\/p>\n<p>Producent: Agnieszka Rogozi\u0144ska To Moje<\/p>\n","protected":false},"featured_media":15979,"comment_status":"closed","ping_status":"closed","template":"","meta":[],"product_brand":[],"product_cat":[327,15],"product_tag":[732,235,380,542,509,731,733,402,639],"class_list":{"0":"post-15975","1":"product","2":"type-product","3":"status-publish","4":"has-post-thumbnail","6":"product_cat-bluzki-koszule","7":"product_cat-akcesoria","8":"product_tag-bawelniana-koszula-z-kolnierzem","9":"product_tag-duzy-kolnierz","10":"product_tag-kolorowa-koszula","11":"product_tag-kolorowe-ubrania","12":"product_tag-koszula-na-co-dzien","13":"product_tag-koszula-w-krate","14":"product_tag-koszula-w-stylu-skandynawskim","15":"product_tag-koszula-z-kolnierzem","16":"product_tag-slow-fashion","17":"pa_rozmiar-l","18":"pa_rozmiar-m","19":"pa_rozmiar-s","21":"first","22":"instock","23":"shipping-taxable","24":"purchasable","25":"product-type-variable"},"_links":{"self":[{"href":"https:\/\/to-moje.com\/index.php\/wp-json\/wp\/v2\/product\/15975","targetHints":{"allow":["GET"]}}],"collection":[{"href":"https:\/\/to-moje.com\/index.php\/wp-json\/wp\/v2\/product"}],"about":[{"href":"https:\/\/to-moje.com\/index.php\/wp-json\/wp\/v2\/types\/product"}],"replies":[{"embeddable":true,"href":"https:\/\/to-moje.com\/index.php\/wp-json\/wp\/v2\/comments?post=15975"}],"wp:featuredmedia":[{"embeddable":true,"href":"https:\/\/to-moje.com\/index.php\/wp-json\/wp\/v2\/media\/15979"}],"wp:attachment":[{"href":"https:\/\/to-moje.com\/index.php\/wp-json\/wp\/v2\/media?parent=15975"}],"wp:term":[{"taxonomy":"product_brand","embeddable":true,"href":"https:\/\/to-moje.com\/index.php\/wp-json\/wp\/v2\/product_brand?post=15975"},{"taxonomy":"product_cat","embeddable":true,"href":"https:\/\/to-moje.com\/index.php\/wp-json\/wp\/v2\/product_cat?post=15975"},{"taxonomy":"product_tag","embeddable":true,"href":"https:\/\/to-moje.com\/index.php\/wp-json\/wp\/v2\/product_tag?post=15975"}],"curies":[{"name":"wp","href":"https:\/\/api.w.org\/{rel}","templated":true}]}}