{"id":14900,"date":"2024-10-25T12:32:28","date_gmt":"2024-10-25T10:32:28","guid":{"rendered":"https:\/\/to-moje.com\/?post_type=product&#038;p=14900"},"modified":"2025-04-08T15:39:33","modified_gmt":"2025-04-08T13:39:33","slug":"sukienka-rozowe-szalenstwo","status":"publish","type":"product","link":"https:\/\/to-moje.com\/index.php\/produkt\/sukienka-rozowe-szalenstwo\/","title":{"rendered":"Sukienka R\u00f3\u017cowy Sza\u0142"},"content":{"rendered":"<blockquote><p>&nbsp;<\/p><\/blockquote>\n","protected":false},"excerpt":{"rendered":"<p><strong>PREORDER!<\/strong> Domawiam materia\u0142 na t\u0119 sukienk\u0119 i zam\u00f3wienia b\u0119d\u0105 mog\u0142y by\u0107 zrealizowane dopiero z <strong>pocz\u0105tkiem marca 2025!<br \/>\n<\/strong><br \/>\nSukienka R\u00f3\u017cowy Sza\u0142 wykonana zosta\u0142a z bawe\u0142nianej tkaniny w kolorze r\u00f3\u017cowym w czerwone nieregularne kropki.<br \/>\nW tym projekcie mamy dekolt w liter\u0119 V, ko\u0142nierzyk z falbank\u0105 i urocze guziki. Odci\u0119cie na wysoko\u015bci talii podkre\u015blone zosta\u0142o z ty\u0142u gumk\u0105. D\u0142ugie bufiaste r\u0119kawy, to kolejny element, kt\u00f3ry zazwyczaj pojawia si\u0119 w moich projektach, tym razem wyko\u0144czy\u0142am je jednak w inny spos\u00f3b- gumk\u0105, kt\u00f3ra z ko\u0144c\u00f3wki r\u0119kawa tworzy falbank\u0119. Mamy tu te\u017c po raz pierwszy szerok\u0105 falban\u0119 u do\u0142u sukienki.<\/p>\n<p>Intensywna kolorystyka sukienki pobudza od samego patrzenia! To kwintesencja dopamine dressing! Jest to te\u017c przy okazji na tyle uniwersalny model, \u017ce na pewno wykorzystasz go wielokrotnie.\u00a0 Nie masz pomys\u0142u co za\u0142o\u017cy\u0107 na randk\u0119? A mo\u017ce przed Tob\u0105 impreza firmowa? Czy po prostu spotkanie z kole\u017cankami? Ta sukienka nada si\u0119 na wiele okazji. Sprawdzi si\u0119 \u015bwietnie do kozak\u00f3w, kowbojek, mokasyn\u00f3w, czy nawet sportowych but\u00f3w!<\/p>\n<p>A teraz kilka technicznych informacji:<\/p>\n<p>Sk\u0142ad: 100% bawe\u0142na.<\/p>\n<p>Wymiary:<br \/>\nObw\u00f3d biustu (2x szeroko\u015b\u0107 od pachy do pachy na p\u0142asko):<br \/>\nS- 98cm<br \/>\nM- 104cm<br \/>\nL- 110cm<\/p>\n<p>D\u0142ugo\u015b\u0107 od odci\u0119cia do do\u0142u (w zale\u017cno\u015bci od rozmiaru mo\u017ce si\u0119 r\u00f3\u017cni\u0107 o ok 1-2cm) : w rozmiarze L widocznym na zdj\u0119ciach to ok 89cm.<\/p>\n<p>Je\u015bli nie jeste\u015b pewna jaki rozmiar wybra\u0107, napisz do mnie lub podaj swoje wymiary w notatce, dzi\u0119ki temu, \u017ce ka\u017cdy produkt szyj\u0119 dopiero po z\u0142o\u017ceniu zam\u00f3wienia, to mog\u0119 dopasowa\u0107 wymiary do Ciebie.<br \/>\nPodoba Ci si\u0119 fason, ale nie czujesz tego koloru? Nie ma problemu, napisz do mnie i postaram si\u0119 co\u015b dla Ciebie znale\u017a\u0107.<br \/>\nCzas realizacji w zale\u017cno\u015bci od ilo\u015bci zam\u00f3wie\u0144 to ok 7-10 dni roboczych.<\/p>\n<p>Mam 174cm wzrostu i mam na sobie rozmiar L.<\/p>\n","protected":false},"featured_media":14904,"comment_status":"open","ping_status":"closed","template":"","meta":[],"product_brand":[],"product_cat":[215,15],"product_tag":[259,451,573,395,347,544,543,552,433,260,708,709,686],"class_list":{"0":"post-14900","1":"product","2":"type-product","3":"status-publish","4":"has-post-thumbnail","6":"product_cat-sukienki","7":"product_cat-akcesoria","8":"product_tag-bawelniana-sukienka","9":"product_tag-kolorowa-sukienka","10":"product_tag-krotka-sukienka","11":"product_tag-rozowa-sukienka","12":"product_tag-sukienka-mini","13":"product_tag-sukienka-na-co-dzien","14":"product_tag-sukienka-na-jesien","15":"product_tag-sukienka-na-okazje","16":"product_tag-sukienka-na-swieta","17":"product_tag-sukienka-z-bawelny","18":"product_tag-sukienka-z-falbanka","19":"product_tag-sukienka-z-falbankami","20":"product_tag-sukienka-z-wiazaniami","21":"pa_rozmiar-l","22":"pa_rozmiar-m","23":"pa_rozmiar-s","25":"first","26":"outofstock","27":"shipping-taxable","28":"purchasable","29":"product-type-variable"},"_links":{"self":[{"href":"https:\/\/to-moje.com\/index.php\/wp-json\/wp\/v2\/product\/14900","targetHints":{"allow":["GET"]}}],"collection":[{"href":"https:\/\/to-moje.com\/index.php\/wp-json\/wp\/v2\/product"}],"about":[{"href":"https:\/\/to-moje.com\/index.php\/wp-json\/wp\/v2\/types\/product"}],"replies":[{"embeddable":true,"href":"https:\/\/to-moje.com\/index.php\/wp-json\/wp\/v2\/comments?post=14900"}],"wp:featuredmedia":[{"embeddable":true,"href":"https:\/\/to-moje.com\/index.php\/wp-json\/wp\/v2\/media\/14904"}],"wp:attachment":[{"href":"https:\/\/to-moje.com\/index.php\/wp-json\/wp\/v2\/media?parent=14900"}],"wp:term":[{"taxonomy":"product_brand","embeddable":true,"href":"https:\/\/to-moje.com\/index.php\/wp-json\/wp\/v2\/product_brand?post=14900"},{"taxonomy":"product_cat","embeddable":true,"href":"https:\/\/to-moje.com\/index.php\/wp-json\/wp\/v2\/product_cat?post=14900"},{"taxonomy":"product_tag","embeddable":true,"href":"https:\/\/to-moje.com\/index.php\/wp-json\/wp\/v2\/product_tag?post=14900"}],"curies":[{"name":"wp","href":"https:\/\/api.w.org\/{rel}","templated":true}]}}