{"id":320,"date":"2015-09-23T11:17:34","date_gmt":"2015-09-23T11:17:34","guid":{"rendered":"http:\/\/import.getbowtied.com\/shopkeeper-v1.1\/?page_id=99"},"modified":"2024-06-18T07:48:57","modified_gmt":"2024-06-18T05:48:57","slug":"about-simple","status":"publish","type":"page","link":"https:\/\/to-moje.com\/index.php\/pages\/about-simple\/","title":{"rendered":"O mnie kontakt"},"content":{"rendered":"<div class=\"wpb-content-wrapper\"><p>[vc_row equal_height=&#8221;yes&#8221; columns_height=&#8221;adjust_cols_height&#8221; font_color=&#8221;#ffffff&#8221; background_style=&#8221;normal&#8221; css=&#8221;.vc_custom_1587120507586{background-color: #000000 !important;}&#8221;][vc_column width=&#8221;1\/2&#8243; css=&#8221;.vc_custom_1641739471816{background: #000000 url(https:\/\/to-moje.com\/wp-content\/uploads\/2022\/01\/1641567858120-1.jpg?id=2933) !important;background-position: center !important;background-repeat: no-repeat !important;background-size: cover !important;}&#8221;][vc_empty_space height=&#8221;400 px&#8221;][\/vc_column][vc_column width=&#8221;1\/2&#8243; css=&#8221;.vc_custom_1456420409445{padding-top: 0px !important;padding-right: 15% !important;padding-bottom: 0px !important;padding-left: 15% !important;}&#8221;][vc_empty_space height=&#8221;150px&#8221;][vc_column_text]<\/p>\n<h1 style=\"text-align: center;\"><span style=\"color: #ffffff;\"><strong><span style=\"font-size: 150%;\">O\u00a0Mnie<\/span><\/strong><\/span><\/h1>\n<p>[\/vc_column_text][vc_empty_space height=&#8221;30px&#8221;][vc_column_text]<\/p>\n<p style=\"text-align: justify;\"><span style=\"color: #ffffff;\">Cze\u015b\u0107! Jestem Aga i ch\u0119tnie opowiem Ci o swojej marce. To Moje powsta\u0142o w 2016 roku, z mojej ogromnej pasji do mody i ch\u0119ci spe\u0142nienia najwi\u0119kszego marzenia jakim by\u0142o posiadanie w\u0142asnej firmy i projektowanie dla innych.<\/span><\/p>\n<p style=\"text-align: justify;\"><span style=\"color: #ffffff;\">Mod\u0105 interesuj\u0119 si\u0119 od lat, a ju\u017c w dzieci\u0144stwie kocha\u0142am rysowa\u0107 i tworzy\u0107. Zacz\u0119\u0142o si\u0119 od ubranek dla lalek, p\u00f3\u017aniej przerabia\u0142am ubrania dla siebie, a\u017c w ko\u0144cu odwa\u017cy\u0142am si\u0119 sama usi\u0105\u015b\u0107 do maszyny i stworzy\u0107 co\u015b od zera. Tak ta pasja przez lata dorasta\u0142a razem ze mn\u0105. <\/span><\/p>\n<p style=\"text-align: justify;\"><span style=\"color: #ffffff;\">Chc\u0105c realizowa\u0107 swoje marzenia musia\u0142am si\u0119 wiele nauczy\u0107 i zebra\u0107 spore do\u015bwiadczenie. Studiowa\u0142am projektowanie ubioru, pracowa\u0142am, szy\u0142am w domu, bra\u0142am udzia\u0142 w pokazach, konkursach i sesjach zdj\u0119ciowych. Pr\u00f3bowa\u0142am realizowa\u0107 si\u0119 na wielu p\u0142aszczyznach, w stylizacji, makija\u017cu, scenografii do sesji. Po prostu wszystko kr\u0119ci\u0142o si\u0119 wok\u00f3\u0142 mody. <\/span><\/p>\n<p style=\"text-align: justify;\"><span style=\"color: #ffffff;\">Tak w\u0142a\u015bnie powsta\u0142o <strong><a style=\"color: #ffffff;\" href=\"http:\/\/to-moje.com\">To Moje!<\/a><\/strong><\/span><\/p>\n<p style=\"color: #ffffff;\"><span style=\"color: #ffffff;\">W 2016 roku zebra\u0142am si\u0119 na odwag\u0119 i wypu\u015bci\u0142am swoje pierwsze produkty. Zacz\u0119\u0142o si\u0119 wtedy od koszulek, z geometrycznymi zwierzakami, kt\u00f3re spotka\u0142y si\u0119 z ciep\u0142ym przyj\u0119ciem. Do tej pory powsta\u0142a ca\u0142a masa produkt\u00f3w, z kt\u00f3rych jestem dumna. Wymienione ju\u017c koszulki, zaraz po nich pojawi\u0142y si\u0119 pierwsze plecako-worki. Nast\u0119pnie nerki maxi, kt\u00f3re pocz\u0105tkowo by\u0142y tylko w dw\u00f3ch podstawowych kolorach-bia\u0142ym i czarnym, a teraz jest ich grubo ponad 30! Opr\u00f3cz nich powsta\u0142 te\u017c nowy model nerki, bardziej &#8222;elegancki&#8221; i minimalistyczny w formie. Ba! Odwa\u017cy\u0142am si\u0119 nawet uszy\u0107 pierwsze sukienki w limitowanej ilo\u015bci. Pojawi\u0142y si\u0119 te\u017c drobne dodatki jak gumki do w\u0142os\u00f3w, ko\u0142nierze czy maseczki, kt\u00f3re w du\u017cym stopniu uratowa\u0142y moj\u0105 firm\u0119 przed bankructwem w trakcie pandemii. To wszystko wykonuj\u0119 sama w domowej pracowni w Poznaniu. Pokocha\u0142am szycie na maksa, a m\u00f3j apetyt by tworzy\u0107 coraz to nowe rzeczy ci\u0105gle ro\u015bnie, dzi\u0119ki temu asortyment mojego sklepu systematycznie si\u0119 powi\u0119ksza. <\/span><\/p>\n<p style=\"text-align: justify;\"><span style=\"color: #ffffff;\">Mam nadziej\u0119, \u017ce uda mi si\u0119 Ciebie jeszcze nie raz zaskoczy\u0107. Zapraszam do odwiedzin jak najcz\u0119\u015bciej!<br \/>\nDo wirtualnego zobaczenia!<\/span><\/p>\n<p>[\/vc_column_text][vc_empty_space height=&#8221;30px&#8221;][vc_single_image image=&#8221;480&#8243; img_size=&#8221;full&#8221;][vc_empty_space height=&#8221;30px&#8221;][vc_separator][vc_row_inner css=&#8221;.vc_custom_1449669742922{margin-top: 40px !important;}&#8221;][vc_column_inner width=&#8221;1\/2&#8243; css=&#8221;.vc_custom_1449669654635{padding-right: 10px !important;padding-left: 10px !important;}&#8221;][vc_column_text css=&#8221;.vc_custom_1718689738456{margin-bottom: 35px !important;}&#8221;]<\/p>\n<p style=\"text-align: left;\"><span style=\"color: #ffffff;\"><strong>KONTAKT<\/strong><\/span><\/p>\n<p style=\"text-align: left;\"><span style=\"color: #ffffff;\">shop@to-moje.com<\/span><br \/>\n<span style=\"color: #ffffff;\">+48 692 302 380<\/span><\/p>\n<p>[\/vc_column_text][\/vc_column_inner][vc_column_inner width=&#8221;1\/2&#8243; css=&#8221;.vc_custom_1449669661906{padding-right: 10px !important;padding-left: 10px !important;}&#8221;][vc_column_text css=&#8221;.vc_custom_1466146744286{margin-bottom: 0px !important;}&#8221;]<\/p>\n<p style=\"text-align: left;\"><span style=\"color: #ffffff;\"><strong>AKTUALNO\u015aCI<\/strong><\/span><\/p>\n<p style=\"text-align: left;\"><a href=\"http:\/\/www.facebook.com\/tomojebyrogozinska\" target=\"_blank\" rel=\"noopener noreferrer\"><span style=\"color: #ffffff;\">facebook<\/span><\/a><br \/>\n<a href=\"https:\/\/www.instagram.com\/to_moje\/\" target=\"_blank\" rel=\"noopener noreferrer\"><span style=\"color: #ffffff;\">instagram<\/span><\/a><\/p>\n<p>[\/vc_column_text][\/vc_column_inner][\/vc_row_inner][vc_empty_space height=&#8221;150px&#8221;][\/vc_column][\/vc_row]<\/p>\n<\/div>","protected":false},"excerpt":{"rendered":"<p>[vc_row equal_height=&#8221;yes&#8221; columns_height=&#8221;adjust_cols_height&#8221; font_color=&#8221;#ffffff&#8221; background_style=&#8221;normal&#8221; css=&#8221;.vc_custom_1587120507586{background-color: #000000 !important;}&#8221;][vc_column width=&#8221;1\/2&#8243; css=&#8221;.vc_custom_1641739471816{background: #000000 url(https:\/\/to-moje.com\/wp-content\/uploads\/2022\/01\/1641567858120-1.jpg?id=2933) !important;background-position: center !important;background-repeat: no-repeat !important;background-size: cover !important;}&#8221;][vc_empty_space height=&#8221;400 px&#8221;][\/vc_column][vc_column width=&#8221;1\/2&#8243; css=&#8221;.vc_custom_1456420409445{padding-top: 0px !important;padding-right: 15% !important;padding-bottom: 0px !important;padding-left: 15% !important;}&#8221;][vc_empty_space height=&#8221;150px&#8221;][vc_column_text] O\u00a0Mnie [\/vc_column_text][vc_empty_space height=&#8221;30px&#8221;][vc_column_text] Cze\u015b\u0107! Jestem Aga i ch\u0119tnie opowiem Ci o swojej marce. To Moje powsta\u0142o w 2016 roku, z mojej ogromnej pasji [&hellip;]<\/p>\n","protected":false},"author":1,"featured_media":0,"parent":312,"menu_order":0,"comment_status":"closed","ping_status":"closed","template":"page-full-width.php","meta":{"footnotes":""},"class_list":["post-320","page","type-page","status-publish","hentry"],"_links":{"self":[{"href":"https:\/\/to-moje.com\/index.php\/wp-json\/wp\/v2\/pages\/320","targetHints":{"allow":["GET"]}}],"collection":[{"href":"https:\/\/to-moje.com\/index.php\/wp-json\/wp\/v2\/pages"}],"about":[{"href":"https:\/\/to-moje.com\/index.php\/wp-json\/wp\/v2\/types\/page"}],"author":[{"embeddable":true,"href":"https:\/\/to-moje.com\/index.php\/wp-json\/wp\/v2\/users\/1"}],"replies":[{"embeddable":true,"href":"https:\/\/to-moje.com\/index.php\/wp-json\/wp\/v2\/comments?post=320"}],"version-history":[{"count":23,"href":"https:\/\/to-moje.com\/index.php\/wp-json\/wp\/v2\/pages\/320\/revisions"}],"predecessor-version":[{"id":14346,"href":"https:\/\/to-moje.com\/index.php\/wp-json\/wp\/v2\/pages\/320\/revisions\/14346"}],"up":[{"embeddable":true,"href":"https:\/\/to-moje.com\/index.php\/wp-json\/wp\/v2\/pages\/312"}],"wp:attachment":[{"href":"https:\/\/to-moje.com\/index.php\/wp-json\/wp\/v2\/media?parent=320"}],"curies":[{"name":"wp","href":"https:\/\/api.w.org\/{rel}","templated":true}]}}